{"id":9291,"date":"2026-03-02T21:02:23","date_gmt":"2026-03-02T20:02:23","guid":{"rendered":"https:\/\/couleurs-chakras.com\/?post_type=product&#038;p=9291"},"modified":"2026-03-07T20:24:09","modified_gmt":"2026-03-07T19:24:09","slug":"bougeoir-grave-en-selenite-naturelle","status":"publish","type":"product","link":"https:\/\/couleurs-chakras.com\/index.php\/product\/bougeoir-grave-en-selenite-naturelle\/","title":{"rendered":"Bougeoir grav\u00e9 en S\u00e9l\u00e9nite naturelle"},"content":{"rendered":"<p><strong>Bougeoir en S\u00e9l\u00e9nite grav\u00e9e<\/strong><\/p>\n<p>Tel un gardien de lumi\u00e8re, ce bougeoir en s\u00e9l\u00e9nite grav\u00e9e diffuse une \u00e9nergie douce, apaisante et profond\u00e9ment purifiante.<br \/>\nLa s\u00e9l\u00e9nite, pierre de clart\u00e9 et d\u2019\u00e9l\u00e9vation, accompagne les instants de calme, favorise l\u2019harmonie des lieux et \u00e9l\u00e8ve les vibrations de votre espace sacr\u00e9.<\/p>\n<p>Allumez une bougie, laissez la flamme danser\u2026<br \/>\nLa lumi\u00e8re traverse la pierre et invite \u00e0 la paix int\u00e9rieure, au recentrage et \u00e0 la connexion subtile \u2728<\/p>\n<p>\ud83c\udf19 Id\u00e9al pour :<br \/>\n\u2013 purifier une pi\u00e8ce<br \/>\n\u2013 accompagner vos rituels et m\u00e9ditations<br \/>\n\u2013 cr\u00e9er une atmosph\u00e8re douce et lumineuse<br \/>\n\u2013 recharger vos pierres par sa pr\u00e9sence<\/p>\n<p>\ud83e\udd0d Chaque gravure est une invitation \u00e0 ralentir et \u00e0 \u00e9couter le murmure de la pierre.<\/p>\n<p>\ud83e\udd0ddimensions : 8 x 8 cm<\/p>\n<p>Livr\u00e9 avec une bougie chauffe-plat \ud83d\udd6f<\/p>\n<p>&nbsp;<\/p>\n<p>Poids : 1.100 kg<\/p>\n<blockquote><p>&nbsp;<\/p><\/blockquote>\n","protected":false},"excerpt":{"rendered":"<p>Bougeoir en S\u00e9l\u00e9nite grav\u00e9e Tel un gardien de lumi\u00e8re, ce bougeoir en s\u00e9l\u00e9nite grav\u00e9e diffuse une \u00e9nergie douce, apaisante et profond\u00e9ment purifiante. La s\u00e9l\u00e9nite, pierre de clart\u00e9 et d\u2019\u00e9l\u00e9vation, accompagne les instants de calme, favorise l\u2019harmonie des lieux et \u00e9l\u00e8ve les vibrations de votre espace sacr\u00e9. Allumez une bougie, laissez la flamme danser\u2026 La lumi\u00e8re&#8230;<\/p>\n","protected":false},"featured_media":9292,"comment_status":"open","ping_status":"closed","template":"","meta":{"_kadence_starter_templates_imported_post":false,"_kad_post_transparent":"default","_kad_post_title":"","_kad_post_layout":"default","_kad_post_sidebar_id":"","_kad_post_content_style":"default","_kad_post_vertical_padding":"default","_kad_post_feature":"","_kad_post_feature_position":"","_kad_post_header":false,"_kad_post_footer":false,"_kad_post_classname":""},"product_brand":[],"product_cat":[60],"product_tag":[],"class_list":{"0":"post-9291","1":"product","2":"type-product","3":"status-publish","4":"has-post-thumbnail","6":"product_cat-accessoires","8":"first","9":"instock","10":"sale","11":"taxable","12":"shipping-taxable","13":"purchasable","14":"product-type-simple","15":"entry","16":"content-bg","17":"loop-entry"},"jetpack_sharing_enabled":true,"_links":{"self":[{"href":"https:\/\/couleurs-chakras.com\/index.php\/wp-json\/wp\/v2\/product\/9291","targetHints":{"allow":["GET"]}}],"collection":[{"href":"https:\/\/couleurs-chakras.com\/index.php\/wp-json\/wp\/v2\/product"}],"about":[{"href":"https:\/\/couleurs-chakras.com\/index.php\/wp-json\/wp\/v2\/types\/product"}],"replies":[{"embeddable":true,"href":"https:\/\/couleurs-chakras.com\/index.php\/wp-json\/wp\/v2\/comments?post=9291"}],"wp:featuredmedia":[{"embeddable":true,"href":"https:\/\/couleurs-chakras.com\/index.php\/wp-json\/wp\/v2\/media\/9292"}],"wp:attachment":[{"href":"https:\/\/couleurs-chakras.com\/index.php\/wp-json\/wp\/v2\/media?parent=9291"}],"wp:term":[{"taxonomy":"product_brand","embeddable":true,"href":"https:\/\/couleurs-chakras.com\/index.php\/wp-json\/wp\/v2\/product_brand?post=9291"},{"taxonomy":"product_cat","embeddable":true,"href":"https:\/\/couleurs-chakras.com\/index.php\/wp-json\/wp\/v2\/product_cat?post=9291"},{"taxonomy":"product_tag","embeddable":true,"href":"https:\/\/couleurs-chakras.com\/index.php\/wp-json\/wp\/v2\/product_tag?post=9291"}],"curies":[{"name":"wp","href":"https:\/\/api.w.org\/{rel}","templated":true}]}}